{"id":1325,"date":"2016-11-22T13:26:16","date_gmt":"2016-11-22T13:26:16","guid":{"rendered":"http:\/\/www.circolo-pesca-brunico.it\/?page_id=1325"},"modified":"2021-09-05T21:45:33","modified_gmt":"2021-09-05T19:45:33","slug":"i-presidenti","status":"publish","type":"page","link":"https:\/\/www.circolo-pesca-brunico.it\/de\/il-circolo\/storia\/i-presidenti\/","title":{"rendered":"DIE PR\u00c4SIDENTEN"},"content":{"rendered":"<p><img loading=\"lazy\" decoding=\"async\" class=\"alignnone size-full wp-image-1326\" src=\"http:\/\/www.circolo-pesca-brunico.it\/wp-content\/uploads\/2016\/11\/00Pocchiesa.jpg\" alt=\"00pocchiesa\" width=\"150\" height=\"165\" \/><\/p>\n<p><strong>Dante Pocchiesa<br \/>\n<\/strong>Geboren am 24. August 1920 in Comelico Superiore (BL). Er war der erste Pr\u00e4sident des Vereins, doch wegen Arbeitsgr\u00fcnden musste er nach kurzer Zeit das Pr\u00e4sidentschaftsamt niederlegen.<br \/>\n<em>Pr\u00e4sident in den Jahren: 1963 &#8211; 1964<\/em><\/p>\n<hr \/>\n<p><img loading=\"lazy\" decoding=\"async\" class=\"alignnone size-medium wp-image-1327\" src=\"http:\/\/www.circolo-pesca-brunico.it\/wp-content\/uploads\/2016\/11\/01Passi.jpg\" alt=\"01passi\" width=\"150\" height=\"168\" \/><\/p>\n<p><strong>Emilio Conte Passi<\/strong><br \/>\nGeboren am 17. April 1922 in Grumello del Monte. Er ist unter den Leuten bekannt als der &#8222;Presidentissimo&#8220;. Dank seines energievollen Charakters hat er gro\u00dfe Teile seines Lebens dem Verein gewidmet. Gestorben am 21.12.1985.<br \/>\n<em>Pr\u00e4sident in den Jahren: 1965 &#8211; 1972 | 1984 &#8211; 1985<\/em><\/p>\n<hr \/>\n<p><img loading=\"lazy\" decoding=\"async\" class=\"alignnone size-medium wp-image-1328\" src=\"http:\/\/www.circolo-pesca-brunico.it\/wp-content\/uploads\/2016\/11\/03Guerra.jpg\" alt=\"03guerra\" width=\"150\" height=\"169\" \/><\/p>\n<p><strong>Luigi Guerra<br \/>\n<\/strong>Geboren am 4. Februar 1931 in Vicenza. Er war einer der Gr\u00fcndungsmitglieder des Vereins, der nie seine Liebe zum Fischen und zum Verein aufgegeben hat.<br \/>\n<em>Pr\u00e4sident in den Jahren: 1973 &#8211; 1983<\/em><\/p>\n<hr \/>\n<p><img loading=\"lazy\" decoding=\"async\" class=\"alignnone size-medium wp-image-1329\" src=\"http:\/\/www.circolo-pesca-brunico.it\/wp-content\/uploads\/2016\/11\/04Sinigalia.jpg\" alt=\"04sinigalia\" width=\"150\" height=\"165\" \/><\/p>\n<p><strong>Antonio Sinigaglia<br \/>\n<\/strong>Geboren am 13. November 1953 in Cinto Euganeo (PD). Er war der bislang j\u00fcngste Pr\u00e4sident des Vereins. Mit seiner Hilfe\u00a0konnten nach dem Tod des &#8222;Presidentissimo&#8220; die bisherigen Aktivit\u00e4ten aufrechterhalten werden.<br \/>\n<em>Pr\u00e4sident in den Jahren: 1986 &#8211; 1987<\/em><\/p>\n<hr \/>\n<p><img loading=\"lazy\" decoding=\"async\" class=\"alignnone size-medium wp-image-1330\" src=\"http:\/\/www.circolo-pesca-brunico.it\/wp-content\/uploads\/2016\/11\/05Digianantonio.jpg\" alt=\"05digianantonio\" width=\"150\" height=\"168\" \/><\/p>\n<p><strong>Costantino Digianantonio<br \/>\n<\/strong>Geboren am 17. Juli 1928 in Trasaghis (UD). Er erhielt den Beinamen &#8222;Re del lago di Monguelfo&#8220; (K\u00f6nig des Welsberger Sees) wegen seiner besonderen Leidenschaft f\u00fcr den genannten Ort. Auch wenn er in einer f\u00fcr den Verein schwierigen Zeit Pr\u00e4sident war, leistete er seinen Beitrag f\u00fcr das \u00dcberleben des Vereins.<br \/>\n<em>Pr\u00e4sident in den Jahren: 1988<\/em><\/p>\n<hr \/>\n<p><img loading=\"lazy\" decoding=\"async\" class=\"alignnone size-medium wp-image-1331\" src=\"http:\/\/www.circolo-pesca-brunico.it\/wp-content\/uploads\/2016\/11\/06Englaro.jpg\" alt=\"06englaro\" width=\"150\" height=\"168\" \/><\/p>\n<p><strong>Sergio Englaro<br \/>\n<\/strong>Geboren am 2. Juni 1946 in Paluzza (UD). Er war Pr\u00e4sident in den Jahren des 30-j\u00e4hrigen Jubil\u00e4ums und zugleich einer der \u00e4ltesten und treusten Mitglieder des Vereins, das auch durch seine zahlreichen Jahre der Pr\u00e4sidentschaft bezeugt wird.<br \/>\n<em>Pr\u00e4sident in den Jahren: 1989 &#8211; 2004<\/em><\/p>\n<hr \/>\n<p><img loading=\"lazy\" decoding=\"async\" class=\"alignnone size-medium wp-image-1332\" src=\"http:\/\/www.circolo-pesca-brunico.it\/wp-content\/uploads\/2016\/11\/07Perego.jpg\" alt=\"07perego\" width=\"148\" height=\"171\" \/><\/p>\n<p><strong>Romano Perego<br \/>\n<\/strong>Geboren am 12 Juni 1956 in Ferno (VA). Er war der erste Pr\u00e4sident, der es geschafft hat einen Teich zu errichten, an jenem man Kindern das Fischen beibringen kann.<br \/>\n<em>Pr\u00e4sident in den Jahren: 2005 &#8211; 2012<\/em><\/p>\n<hr \/>\n<p><img loading=\"lazy\" decoding=\"async\" class=\"alignnone size-medium wp-image-1333\" src=\"http:\/\/www.circolo-pesca-brunico.it\/wp-content\/uploads\/2016\/11\/08Stolzlechner.jpg\" alt=\"08stolzlechner\" width=\"150\" height=\"170\" \/><\/p>\n<p><strong>Herbert Stolzlechner<br \/>\n<\/strong>Geboren am 27. Oktober 1950. Er ist der erste deutschsprachige Pr\u00e4sident des Vereins.<br \/>\n<em>Pr\u00e4sident in den Jahren: 2013 &#8211; 2020<\/em><\/p>\n<hr \/>\n<p><img loading=\"lazy\" decoding=\"async\" class=\"alignnone wp-image-1535 \" src=\"http:\/\/www.circolo-pesca-brunico.it\/wp-content\/uploads\/2017\/02\/DaCol.jpg\" alt=\"\" width=\"100\" height=\"132\" \/><\/p>\n<p><strong>Luca Da Col<\/strong><br \/>\n<em>Pr\u00e4sident in den Jahren: 2021 &#8211;\u00a0<\/em><\/p>","protected":false},"excerpt":{"rendered":"<p>Dante Pocchiesa Geboren am 24. August 1920 in Comelico Superiore (BL). Er war der erste Pr\u00e4sident des Vereins, doch wegen Arbeitsgr\u00fcnden musste er nach kurzer Zeit das Pr\u00e4sidentschaftsamt niederlegen. Pr\u00e4sident &#8230;<\/p>\n","protected":false},"author":1,"featured_media":0,"parent":1306,"menu_order":0,"comment_status":"closed","ping_status":"closed","template":"template-fullwidth.php","meta":{"_monsterinsights_skip_tracking":false,"_monsterinsights_sitenote_active":false,"_monsterinsights_sitenote_note":"","_monsterinsights_sitenote_category":0,"footnotes":""},"class_list":["post-1325","page","type-page","status-publish","hentry"],"yoast_head":"<!-- This site is optimized with the Yoast SEO plugin v27.5 - https:\/\/yoast.com\/product\/yoast-seo-wordpress\/ -->\n<title>DIE PR\u00c4SIDENTEN - Circolo Pesca Sportiva Brunico<\/title>\n<meta name=\"description\" content=\"I presidenti del circolo.\" \/>\n<meta name=\"robots\" content=\"index, follow, max-snippet:-1, max-image-preview:large, max-video-preview:-1\" \/>\n<link rel=\"canonical\" href=\"https:\/\/www.circolo-pesca-brunico.it\/de\/il-circolo\/storia\/i-presidenti\/\" \/>\n<meta property=\"og:locale\" content=\"de_DE\" \/>\n<meta property=\"og:type\" content=\"article\" \/>\n<meta property=\"og:title\" content=\"DIE PR\u00c4SIDENTEN - Circolo Pesca Sportiva Brunico\" \/>\n<meta property=\"og:description\" content=\"I presidenti del circolo.\" \/>\n<meta property=\"og:url\" content=\"https:\/\/www.circolo-pesca-brunico.it\/de\/il-circolo\/storia\/i-presidenti\/\" \/>\n<meta property=\"og:site_name\" content=\"Circolo Pesca Sportiva Brunico\" \/>\n<meta property=\"article:modified_time\" content=\"2021-09-05T19:45:33+00:00\" \/>\n<meta property=\"og:image\" content=\"http:\/\/www.circolo-pesca-brunico.it\/wp-content\/uploads\/2016\/11\/00Pocchiesa.jpg\" \/>\n<meta name=\"twitter:card\" content=\"summary_large_image\" \/>\n<meta name=\"twitter:label1\" content=\"Gesch\u00e4tzte Lesezeit\" \/>\n\t<meta name=\"twitter:data1\" content=\"4\u00a0Minuten\" \/>\n<script type=\"application\/ld+json\" class=\"yoast-schema-graph\">{\"@context\":\"https:\\\/\\\/schema.org\",\"@graph\":[{\"@type\":\"WebPage\",\"@id\":\"https:\\\/\\\/www.circolo-pesca-brunico.it\\\/de\\\/il-circolo\\\/storia\\\/i-presidenti\\\/\",\"url\":\"https:\\\/\\\/www.circolo-pesca-brunico.it\\\/de\\\/il-circolo\\\/storia\\\/i-presidenti\\\/\",\"name\":\"DIE PR\u00c4SIDENTEN - Circolo Pesca Sportiva Brunico\",\"isPartOf\":{\"@id\":\"https:\\\/\\\/www.circolo-pesca-brunico.it\\\/de\\\/#website\"},\"primaryImageOfPage\":{\"@id\":\"https:\\\/\\\/www.circolo-pesca-brunico.it\\\/de\\\/il-circolo\\\/storia\\\/i-presidenti\\\/#primaryimage\"},\"image\":{\"@id\":\"https:\\\/\\\/www.circolo-pesca-brunico.it\\\/il-circolo\\\/storia\\\/i-presidenti\\\/#primaryimage\"},\"thumbnailUrl\":\"http:\\\/\\\/www.circolo-pesca-brunico.it\\\/wp-content\\\/uploads\\\/2016\\\/11\\\/00Pocchiesa.jpg\",\"datePublished\":\"2016-11-22T13:26:16+00:00\",\"dateModified\":\"2021-09-05T19:45:33+00:00\",\"description\":\"I presidenti del circolo.\",\"breadcrumb\":{\"@id\":\"https:\\\/\\\/www.circolo-pesca-brunico.it\\\/de\\\/il-circolo\\\/storia\\\/i-presidenti\\\/#breadcrumb\"},\"inLanguage\":\"de\",\"potentialAction\":[{\"@type\":\"ReadAction\",\"target\":[[\"https:\\\/\\\/www.circolo-pesca-brunico.it\\\/de\\\/il-circolo\\\/storia\\\/i-presidenti\\\/\"]]}]},{\"@type\":\"ImageObject\",\"inLanguage\":\"de\",\"@id\":\"https:\\\/\\\/www.circolo-pesca-brunico.it\\\/de\\\/il-circolo\\\/storia\\\/i-presidenti\\\/#primaryimage\",\"url\":\"http:\\\/\\\/www.circolo-pesca-brunico.it\\\/wp-content\\\/uploads\\\/2016\\\/11\\\/00Pocchiesa.jpg\",\"contentUrl\":\"http:\\\/\\\/www.circolo-pesca-brunico.it\\\/wp-content\\\/uploads\\\/2016\\\/11\\\/00Pocchiesa.jpg\"},{\"@type\":\"BreadcrumbList\",\"@id\":\"https:\\\/\\\/www.circolo-pesca-brunico.it\\\/de\\\/il-circolo\\\/storia\\\/i-presidenti\\\/#breadcrumb\",\"itemListElement\":[{\"@type\":\"ListItem\",\"position\":1,\"name\":\"Startseite\",\"item\":\"https:\\\/\\\/www.circolo-pesca-brunico.it\\\/de\\\/\"},{\"@type\":\"ListItem\",\"position\":2,\"name\":\"DER VEREIN\",\"item\":\"https:\\\/\\\/www.circolo-pesca-brunico.it\\\/de\\\/il-circolo\\\/\"},{\"@type\":\"ListItem\",\"position\":3,\"name\":\"GESCHICHTE\",\"item\":\"https:\\\/\\\/www.circolo-pesca-brunico.it\\\/de\\\/il-circolo\\\/storia\\\/\"},{\"@type\":\"ListItem\",\"position\":4,\"name\":\"DIE PR\u00c4SIDENTEN\"}]},{\"@type\":\"WebSite\",\"@id\":\"https:\\\/\\\/www.circolo-pesca-brunico.it\\\/de\\\/#website\",\"url\":\"https:\\\/\\\/www.circolo-pesca-brunico.it\\\/de\\\/\",\"name\":\"Circolo Pesca Sportiva Brunico\",\"description\":\"\",\"publisher\":{\"@id\":\"https:\\\/\\\/www.circolo-pesca-brunico.it\\\/de\\\/#organization\"},\"potentialAction\":[{\"@type\":\"SearchAction\",\"target\":{\"@type\":\"EntryPoint\",\"urlTemplate\":\"https:\\\/\\\/www.circolo-pesca-brunico.it\\\/de\\\/?s={search_term_string}\"},\"query-input\":{\"@type\":\"PropertyValueSpecification\",\"valueRequired\":true,\"valueName\":\"search_term_string\"}}],\"inLanguage\":\"de\"},{\"@type\":\"Organization\",\"@id\":\"https:\\\/\\\/www.circolo-pesca-brunico.it\\\/de\\\/#organization\",\"name\":\"Circolo Pesca Sportiva Brunico\",\"url\":\"https:\\\/\\\/www.circolo-pesca-brunico.it\\\/de\\\/\",\"logo\":{\"@type\":\"ImageObject\",\"inLanguage\":\"de\",\"@id\":\"https:\\\/\\\/www.circolo-pesca-brunico.it\\\/de\\\/#\\\/schema\\\/logo\\\/image\\\/\",\"url\":\"https:\\\/\\\/www.circolo-pesca-brunico.it\\\/wp-content\\\/uploads\\\/2023\\\/12\\\/logo-small.jpg\",\"contentUrl\":\"https:\\\/\\\/www.circolo-pesca-brunico.it\\\/wp-content\\\/uploads\\\/2023\\\/12\\\/logo-small.jpg\",\"width\":256,\"height\":60,\"caption\":\"Circolo Pesca Sportiva Brunico\"},\"image\":{\"@id\":\"https:\\\/\\\/www.circolo-pesca-brunico.it\\\/de\\\/#\\\/schema\\\/logo\\\/image\\\/\"}}]}<\/script>\n<!-- \/ Yoast SEO plugin. -->","yoast_head_json":{"title":"DIE PR\u00c4SIDENTEN - Circolo Pesca Sportiva Brunico","description":"I presidenti del circolo.","robots":{"index":"index","follow":"follow","max-snippet":"max-snippet:-1","max-image-preview":"max-image-preview:large","max-video-preview":"max-video-preview:-1"},"canonical":"https:\/\/www.circolo-pesca-brunico.it\/de\/il-circolo\/storia\/i-presidenti\/","og_locale":"de_DE","og_type":"article","og_title":"DIE PR\u00c4SIDENTEN - Circolo Pesca Sportiva Brunico","og_description":"I presidenti del circolo.","og_url":"https:\/\/www.circolo-pesca-brunico.it\/de\/il-circolo\/storia\/i-presidenti\/","og_site_name":"Circolo Pesca Sportiva Brunico","article_modified_time":"2021-09-05T19:45:33+00:00","og_image":[{"url":"http:\/\/www.circolo-pesca-brunico.it\/wp-content\/uploads\/2016\/11\/00Pocchiesa.jpg","type":"","width":"","height":""}],"twitter_card":"summary_large_image","twitter_misc":{"Gesch\u00e4tzte Lesezeit":"4\u00a0Minuten"},"schema":{"@context":"https:\/\/schema.org","@graph":[{"@type":"WebPage","@id":"https:\/\/www.circolo-pesca-brunico.it\/de\/il-circolo\/storia\/i-presidenti\/","url":"https:\/\/www.circolo-pesca-brunico.it\/de\/il-circolo\/storia\/i-presidenti\/","name":"DIE PR\u00c4SIDENTEN - Circolo Pesca Sportiva Brunico","isPartOf":{"@id":"https:\/\/www.circolo-pesca-brunico.it\/de\/#website"},"primaryImageOfPage":{"@id":"https:\/\/www.circolo-pesca-brunico.it\/de\/il-circolo\/storia\/i-presidenti\/#primaryimage"},"image":{"@id":"https:\/\/www.circolo-pesca-brunico.it\/il-circolo\/storia\/i-presidenti\/#primaryimage"},"thumbnailUrl":"http:\/\/www.circolo-pesca-brunico.it\/wp-content\/uploads\/2016\/11\/00Pocchiesa.jpg","datePublished":"2016-11-22T13:26:16+00:00","dateModified":"2021-09-05T19:45:33+00:00","description":"I presidenti del circolo.","breadcrumb":{"@id":"https:\/\/www.circolo-pesca-brunico.it\/de\/il-circolo\/storia\/i-presidenti\/#breadcrumb"},"inLanguage":"de","potentialAction":[{"@type":"ReadAction","target":[["https:\/\/www.circolo-pesca-brunico.it\/de\/il-circolo\/storia\/i-presidenti\/"]]}]},{"@type":"ImageObject","inLanguage":"de","@id":"https:\/\/www.circolo-pesca-brunico.it\/de\/il-circolo\/storia\/i-presidenti\/#primaryimage","url":"http:\/\/www.circolo-pesca-brunico.it\/wp-content\/uploads\/2016\/11\/00Pocchiesa.jpg","contentUrl":"http:\/\/www.circolo-pesca-brunico.it\/wp-content\/uploads\/2016\/11\/00Pocchiesa.jpg"},{"@type":"BreadcrumbList","@id":"https:\/\/www.circolo-pesca-brunico.it\/de\/il-circolo\/storia\/i-presidenti\/#breadcrumb","itemListElement":[{"@type":"ListItem","position":1,"name":"Startseite","item":"https:\/\/www.circolo-pesca-brunico.it\/de\/"},{"@type":"ListItem","position":2,"name":"DER VEREIN","item":"https:\/\/www.circolo-pesca-brunico.it\/de\/il-circolo\/"},{"@type":"ListItem","position":3,"name":"GESCHICHTE","item":"https:\/\/www.circolo-pesca-brunico.it\/de\/il-circolo\/storia\/"},{"@type":"ListItem","position":4,"name":"DIE PR\u00c4SIDENTEN"}]},{"@type":"WebSite","@id":"https:\/\/www.circolo-pesca-brunico.it\/de\/#website","url":"https:\/\/www.circolo-pesca-brunico.it\/de\/","name":"Circolo Pesca Sportiva Brunico","description":"","publisher":{"@id":"https:\/\/www.circolo-pesca-brunico.it\/de\/#organization"},"potentialAction":[{"@type":"SearchAction","target":{"@type":"EntryPoint","urlTemplate":"https:\/\/www.circolo-pesca-brunico.it\/de\/?s={search_term_string}"},"query-input":{"@type":"PropertyValueSpecification","valueRequired":true,"valueName":"search_term_string"}}],"inLanguage":"de"},{"@type":"Organization","@id":"https:\/\/www.circolo-pesca-brunico.it\/de\/#organization","name":"Circolo Pesca Sportiva Brunico","url":"https:\/\/www.circolo-pesca-brunico.it\/de\/","logo":{"@type":"ImageObject","inLanguage":"de","@id":"https:\/\/www.circolo-pesca-brunico.it\/de\/#\/schema\/logo\/image\/","url":"https:\/\/www.circolo-pesca-brunico.it\/wp-content\/uploads\/2023\/12\/logo-small.jpg","contentUrl":"https:\/\/www.circolo-pesca-brunico.it\/wp-content\/uploads\/2023\/12\/logo-small.jpg","width":256,"height":60,"caption":"Circolo Pesca Sportiva Brunico"},"image":{"@id":"https:\/\/www.circolo-pesca-brunico.it\/de\/#\/schema\/logo\/image\/"}}]}},"_links":{"self":[{"href":"https:\/\/www.circolo-pesca-brunico.it\/de\/wp-json\/wp\/v2\/pages\/1325","targetHints":{"allow":["GET"]}}],"collection":[{"href":"https:\/\/www.circolo-pesca-brunico.it\/de\/wp-json\/wp\/v2\/pages"}],"about":[{"href":"https:\/\/www.circolo-pesca-brunico.it\/de\/wp-json\/wp\/v2\/types\/page"}],"author":[{"embeddable":true,"href":"https:\/\/www.circolo-pesca-brunico.it\/de\/wp-json\/wp\/v2\/users\/1"}],"replies":[{"embeddable":true,"href":"https:\/\/www.circolo-pesca-brunico.it\/de\/wp-json\/wp\/v2\/comments?post=1325"}],"version-history":[{"count":9,"href":"https:\/\/www.circolo-pesca-brunico.it\/de\/wp-json\/wp\/v2\/pages\/1325\/revisions"}],"predecessor-version":[{"id":2073,"href":"https:\/\/www.circolo-pesca-brunico.it\/de\/wp-json\/wp\/v2\/pages\/1325\/revisions\/2073"}],"up":[{"embeddable":true,"href":"https:\/\/www.circolo-pesca-brunico.it\/de\/wp-json\/wp\/v2\/pages\/1306"}],"wp:attachment":[{"href":"https:\/\/www.circolo-pesca-brunico.it\/de\/wp-json\/wp\/v2\/media?parent=1325"}],"curies":[{"name":"wp","href":"https:\/\/api.w.org\/{rel}","templated":true}]}}